{"version":"1.0","provider_name":"16 \u00e9v ut\u00e1n....Noooorm\u00e1lis??","provider_url":"https:\/\/blani.cafeblog.hu","author_name":"Blani","author_url":"https:\/\/blani.cafeblog.hu\/author\/blani\/","title":"Keser\u00e9des","html":"Lelkiz\u0151s volt ez a h\u00e9tv\u00e9ge J.-vel, olykor majdnem pityerg\u0151s, olykor k\u00f6nnyesre nevet\u0151s. De mindenk\u00e9pp olyan, amire tal\u00e1n \u00f6r\u00f6k \u00e9let\u00fcnkben eml\u00e9kezni fogunk.\r\n\r\nEml\u00edtettem m\u00e1r, hogy \u00fagy d\u00f6nt\u00f6tt\u00fcnk, hogy egy k\u00f6z\u00f6s c\u00e9l \u00e9rdek\u00e9ben, kiadjuk J. kuck\u00f3j\u00e1t.\r\n\r\nM\u00e9g 3 het\u00fcnk van a lak\u00f3 bek\u00f6lt\u00f6z\u00e9s\u00e9ig, \u00fagyhogy lassan elj\u00f6tt az ideje, hogy kipakoljuk a lak\u00e1st. Ahonnan J. anno egy b\u0151r\u00f6nddel, p\u00e1r n\u00f6v\u00e9nnyel, \u00e9s szem\u00e9lyes holmival \u00e9rkezett.\r\n\r\nAz esetet bonyol\u00edtja, hogy J. kb sz\u00fclet\u00e9s\u00e9t\u0151l, ( ha j\u00f3l tudom 1 \u00e9ves volt) ebben a h\u00e1zban \u00e9lt, ott \u00e1polta hossz\u00fa ideig a beteg anyuk\u00e1j\u00e1t, akinek minden holmija a szekr\u00e9nyekben volt, mert J. k\u00e9ptelen volt m\u00e9g \u00f6sszecsomagolni, amikor megismerkedt\u00fcnk. Azt\u00e1n eml\u00edtette p\u00e1rszor, hogy majd velem, de eddig nem volt s\u00fcrg\u0151s...\r\n\r\nDe most itt volt az id\u0151.\r\n\r\n\u00c9s nem ismerem m\u00e9g az \u00e9rz\u00e9st, ( \u00e9s rem\u00e9lem hogy nagyon sok\u00e1ig\u00a0 m\u00e9g nem is fogom ) milyen \u00e9rz\u00e9s, amikor az anyuk\u00e1j\u00e1t elvesz\u00edti valaki. F\u0151leg akkor, ha valaki olyan meghat\u00f3an szeretetteljes, v\u00e9gtelen\u00fcl szoros viszonyban van az anyuk\u00e1j\u00e1val, mint ahogy J. volt.\r\n\r\nDe nagyon tudtam, hogy ez most mennyire neh\u00e9z neki.\r\n\r\nMert m\u00e9g nekem is az volt, pedig \u00e9n m\u00e1r nem is ismertem...\r\n\r\nDe ahogy pakoltuk a sok ruh\u00e1t, egy egy sz\u00e9p kis darab nagyon sz\u00edven \u00fct\u00f6tt, mert pontosan l\u00e1ttam benne azt az embert, aki J.-nek olyan sokat jelentett. \u00c9reztem hogy most eml\u00e9kezik, \u0151 l\u00e1tja a holmikban azt az ember, aki hozz\u00e1juk tartozott, megfog egy-egy pillanatot. Sz\u00e1mtalanszor szuszakoltam vissza a kis h\u00fclye, kit\u00f6rni k\u00e9sz\u00fcl\u0151 k\u00f6nnyeimet, csak hogy neki ne legyen m\u00e9g nehezebb.\r\n\r\n\u00c9s ott volt az illata. \u00c9des istenem. Nekem nagyon sz\u00edvfacsar\u00f3 volt.\r\n\r\n\u00c9s sokszor gondoltam arra, ha \u00e9n \u00edgy \u00e9rzek, ha engem ennyire felkavar, mit \u00e9rezhet J. vajon?\r\n\r\nAmikor besz\u00e9lt\u00fcnk a k\u00f6lt\u00f6z\u00e9sr\u0151l, k\u00e9rtem J.-t, hogy t\u00e9nyleg csak azt hozzuk el, amit haszn\u00e1lni is fogunk.\r\n\r\nDe amikor sorban pakoltuk zs\u00e1kba, a m\u00e1r divatjam\u00falt, de a maga kor\u00e1ban gy\u00f6ny\u00f6r\u0171 ruh\u00e1kat, amiken l\u00e1tszott hogy nagy becsben voltak tartva, gondosan t\u00e1rolva, akkor az\u00e9rt neh\u00e9z lett a sz\u00edvem, egyre nehezebb.\r\n\r\n\u00c9s \u00e9n voltam az, aki a gy\u00f6ny\u00f6r\u0171 selyemruh\u00e1t f\u00e9lretettem, ezt eltessz\u00fck jelsz\u00f3val. Mert nem ment. \u00c9s tudom, hogy soha nem fogja senki haszn\u00e1lni. De akkor is. Nagyon szerethette azt a ruh\u00e1t. \u00c9s \u00fagy \u00e9reztem, ha a ruha megmarad, akkor meg\u0151rz\u00f6k vele valamit, abb\u00f3l az emberb\u0151l is, aki \u00e9lt, szeretett, szerett\u00e9k. \u00c9LT. Ugye \u00e9rted?\r\n\r\nA ruh\u00e1k ut\u00e1n, a t\u00f6bbi dolog tal\u00e1n m\u00e1r kicsit k\u00f6nnyebben ment.\r\n\r\nVas\u00e1rnap azt\u00e1n kit\u00f6rt bel\u0151l\u00fcnk a h\u00fclyes\u00e9g is.\r\n\r\nM\u00e1r k\u00e9s\u0151 d\u00e9lut\u00e1n volt, az aut\u00f3 csomagtart\u00f3ja tele zs\u00e1kokkal, a h\u00e1ts\u00f3 \u00fcl\u00e9s dobozokkal. Itt-ott kil\u00f3gott egy v\u00e1llfa, egy ruhadarab.\r\n\r\nM\u00e9g volt hely a h\u00e1ts\u00f3 kalaptart\u00f3n, ez\u00e9rt bedugtam a r\u00e9sen a kuktafazekat, J. pedig az apuk\u00e1ja kalapj\u00e1t, mert Barnaszem\u0171 bele van szerelmesedve a kalapokba.\r\n\r\nAzt\u00e1n r\u00f6h\u00f6gve \u00e1lltunk a kocsi mellett, hogy most pont \u00fagy n\u00e9z\u00fcnk ki, mint ama zsigulival k\u00f6zleked\u0151 embert\u00e1rsaink, akik el\u0151szeretettel halmoznak fel, jelent\u0151s mennyis\u00e9g\u0171 limlomot g\u00e9pj\u00e1rm\u0171veikben. :)\r\n\r\nAmikor \u00e9pp elindultunk, J, megsz\u00f3lalt:\r\n\r\n-Az\u00e9rt a git\u00e1rt m\u00e9g betehett\u00fck volna, oda oldalra..\r\n\r\n- Na igen, \u00e9s egy ty\u00fakot m\u00e9g, oda a tetej\u00e9re, \u00f6sszk\u00e9pnek...\r\n\r\nJ\u00f6v\u0151 h\u00e9ten folytatjuk. :)\r\n\r\n&nbsp;\r\n\r\n&nbsp;","type":"rich"}