{"version":"1.0","provider_name":"16 \u00e9v ut\u00e1n....Noooorm\u00e1lis??","provider_url":"https:\/\/blani.cafeblog.hu","author_name":"Blani","author_url":"https:\/\/blani.cafeblog.hu\/author\/blani\/","title":"Meghat\u00f3","html":"B\u00e1r l\u00e1tsz\u00f3lag nyitott, \u00e9s bar\u00e1ts\u00e1gos term\u00e9szetem van, \u00e9s szerintem sokan gondolj\u00e1k \u00fagy, hogy j\u00f3l ismernek, a val\u00f3s\u00e1g az, hogy nagyon is j\u00f3l \u0151rz\u00f6m az \u00e9letem t\u00f6rt\u00e9n\u00e9seit.\r\n\r\nEg\u00e9sz egyszer\u0171en szeretem a dolgaimat magam meg\u00e9lni, \u00e1tr\u00e1gni, elrakt\u00e1rozni. A rosszat, a j\u00f3t egyar\u00e1nt.\r\n\r\nAzt az\u00e9rt nem gondolom, hogy r\u00f3lam nem keringenek t\u00f6rt\u00e9netek k\u00f6zsz\u00e1jon, ak\u00e1r igazak, ak\u00e1r nem, de igaz\u00e1ndib\u00f3l ezzel nem szoktam foglalkozni, mert minek? V\u00e1ltoztatni \u00fagysem tudok rajta, aki pedig ismer, az el tudja d\u00f6nteni, hogy igaz-e a sztori, vagy sem.\r\n\r\nSz\u00f3val legyen az v\u00e1l\u00e1s, kapcsolat, szak\u00edt\u00e1s, napi gondok, az arcom ugyanaz marad, minden nap.\r\n\r\nAz\u00e9rt most, hogy \u00e9letem nagy \u00e1lma, a csodah\u00e1zik\u00f3 val\u00f3ra v\u00e1lt, kiv\u00e9telt teszek, \u00e9s ha az alkalom \u00fagy hozza, h\u00e1t megosztom az ismer\u0151s\u00f6kkel az \u00f6r\u00f6m\u00f6met. F\u00e9lve, sz\u00e9gyenl\u0151sen, de nagyon boldogan.\r\n\r\n\u00c9s bevallom, v\u00e9gtelen\u00fcl j\u00f3l esnek, kicsit meglepnek,\u00a0 alaposan meghatnak a reakci\u00f3k.\r\n\r\nKiv\u00e9tel n\u00e9lk\u00fcl mindenki, akinek kis\u00a0 zavart mosollyal elmes\u00e9lem, hogy vett\u00fcnk egy h\u00e1zat, olyan \u0151szinte \u00f6r\u00f6mmel, val\u00f3di mosollyal az arc\u00e1n n\u00e9z vissza r\u00e1m, hogy beleborzongok.\r\n\r\nHihetetlen\u00fcl j\u00f3l esik, na. Annyira, hogy a h\u00fclye nagy sz\u00edvem, m\u00e1r megint alig f\u00e9r el a 184 cm-ben.\r\n\r\nTegnap reggel, ahogy robogtam le a l\u00e9pcs\u0151n dolgozni, szomsz\u00e9d n\u00e9ni j\u00f6tt szembe, \u00e9s kedvesen k\u00e9rdezte, hogy mikor k\u00f6lt\u00f6z\u00fcnk.\r\n\r\nCsak \u0151szre,v\u00e1laszoltam neki, \u0151 pedig megpacskolta a karomat:\r\n\r\n\u00d6r\u00fcl\u00f6k neki hogy lett h\u00e1zatok, \u00f6r\u00fcl\u00f6k neki hogy ez t\u00f6rt\u00e9nik veletek!- mondta.\r\n\r\nMondtam m\u00e1r hogy im\u00e1dom a n\u00e9nik\u00e9ket? :)\r\n\r\nAkkor most mondom :)\r\n\r\n&nbsp;","type":"rich"}