{"version":"1.0","provider_name":"16 \u00e9v ut\u00e1n....Noooorm\u00e1lis??","provider_url":"https:\/\/blani.cafeblog.hu","author_name":"Blani","author_url":"https:\/\/blani.cafeblog.hu\/author\/blani\/","title":"Egerek \u00e9s Emberek","html":"Az\u00e9rt valamit el\u00e1rul az ut\u00f3bbi h\u00f3napok csendes egyszer\u0171s\u00e9g\u00e9r\u0151l a t\u00e9ny, hogy h\u00e1rom napja \u00edrom ezt az egy bejegyz\u00e9st. :D\r\n\r\nDe most k\u00f6nnyelm\u0171 m\u00f3don elhanyagolva a munk\u00e1mat, (vagyis cincogok mert egyed\u00fcl vagyok) v\u00e9gre be szeretn\u00e9m fejezni aktu\u00e1lis agysz\u00fclem\u00e9nyemet.\r\n\r\nAprop\u00f3 cincog\u00e1s...\r\n\r\nAz \u0151sz kontra csal\u00e1di h\u00e1z\u00a0 term\u00e9szetes velej\u00e1r\u00f3ja vagyon, hogy a t\u00e1rol\u00f3nkba bek\u00f6lt\u00f6ztek a sz\u00fcrke kis terrorist\u00e1k.\r\n\r\nL\u00e1tni ugyan m\u00e9g nem l\u00e1ttam \u0151ket, de bizonyos jelekb\u0151l kezdtem gyan\u00edtani, hogy valaki bizony lakik a dobozok k\u00f6z\u00f6tt. Mivel hogy J. \u00f6sszes lak\u00e1sb\u00f3l elhozott cucca, jelenleg a t\u00e1rol\u00f3ban tart\u00f3zkodik, sajnos semmik\u00e9pp sem nyugodhattunk bele,\u00a0 egy egy\u00fctt a term\u00e9szettel projektbe, vagyis kihirdettem a hal\u00e1los \u00edt\u00e9letet: egereknek menni\u00fck kell.\r\n\r\nEls\u0151 l\u00e9p\u00e9sk\u00e9nt elzar\u00e1ndokoltam a helyi \"h\u00e1ztart\u00e1si boltba\", \u00e9s elrebegtem \u00f3hajom, eg\u00e9rfog\u00f3 \u00fcgyben.\r\n\r\nJ. szerint a hagyom\u00e1nyos modell a leghat\u00e9konyabb, ( hirtelen hal\u00e1l ) \u00fagyhogy maradtunk a klasszikus, r\u00e1csap\u00f3d\u00f3s eg\u00e9rke fog\u00f3n\u00e1l.\r\n\r\nAmit els\u0151 k\u00f6rben gy\u00f6ny\u00f6r\u0171en r\u00e1 is csaptam az ujjamra, kisebb hisztit lem\u0171velve a t\u00e1rol\u00f3ban, aminek szerencs\u00e9re egyetlen f\u00fcltan\u00faja Leila volt, \u0151 meg nem az az \u00e1rulkod\u00f3s fajta.\r\n\r\nAzt\u00e1n eg\u00e9rfog\u00f3k fel\u00e1ll\u00edtva, \u00e9s l\u00e1ss csod\u00e1t, reggelre m\u00e1r benne is volt az els\u0151 \u00e1ldozat.\r\n\r\n\u00d6r\u00f6m\u00fcnk m\u00e9g korai volt, mert az els\u0151 siker ut\u00e1n, t\u00f6bb napos kudarc k\u00f6vetkezett, reggelre ugyanis lezab\u00e1lt\u00e1k a kaj\u00e1t a fog\u00f3r\u00f3l, an\u00e9lk\u00fcl hogy elcsattant volna, \u00fagyhogy nekem napr\u00f3l napra ny\u00falt az orrom.\r\n\r\n\u00dagyhogy v\u00e9g\u00fcl dzsih\u00e1dot hirdettem az egerek ellen, miel\u0151tt sz\u00e9tr\u00e1gj\u00e1k a hozom\u00e1nyom.\r\n\r\nDi\u00f3 az eg\u00e9rfog\u00f3ba, \u00e9s a r\u00e9gi nagymam\u00e1m m\u00f3dszere: a bef\u0151ttes \u00fcveg, di\u00f3val kit\u00e1masztva.\r\n\r\nJelenleg 5 eg\u00e9rn\u00e9l tartunk, de ez pisk\u00f3ta, mert a szomsz\u00e9d b\u00e1csi m\u00e1r 22-n\u00e9l tart.\r\n\r\nPr\u00f3b\u00e1ltuk k\u00f6lcs\u00f6nk\u00e9rni a szomsz\u00e9db\u00f3l a macsk\u00e1t, de a szomsz\u00e9d kisfi\u00fa mondta hogy EZ nem eszik egeret, kiz\u00e1r\u00f3lag macskakaj\u00e1t...\r\n\r\nBakker micsoda elfajzott egy macskanemzed\u00e9k.\r\n\r\nTavaszra el\u0151 is ir\u00e1nyoztam 2 db macska beszerz\u00e9s\u00e9t, a hagyom\u00e1nyos h\u00e1zi jelleg\u0171b\u0151l.\r\n\r\nLeila v\u00e1rakoz\u00e1sainkhoz h\u0171en, napr\u00f3l napra n\u0151, \u00e9s term\u00e9szetesen -minden elfogults\u00e1g n\u00e9lk\u00fcl,- a v\u00e1ros legszebb kuty\u00e1ja lesz, mire megn\u0151.\r\n\r\nDe legal\u00e1bb is, a legszebb sz\u0151re biztosan neki lesz. :)\r\n\r\nJ. persze megint csak csendesen mosolyogva, szel\u00edden szeml\u00e9li , hogy hetente legal\u00e1bb egyszer t\u00f6m\u00f6m bel\u00e9 a m\u00e1jat, meg a toj\u00e1st, mert a fejembe vettem, hogy att\u00f3l lesz sz\u00e9p f\u00e9nyes a sz\u0151r. :)\r\n\r\nVal\u00f3sz\u00edn\u0171leg az\u00e9rt a genetika t\u00f6bbet nyom a latba, mint az \u00e9n rettenetes nagy szak\u00e9rtelmem, de t\u00e9ny, hogy iszonyat sz\u00e9p, t\u00f6m\u00f6tt, f\u00e9nyes, b\u00e1rsonyos bund\u00e1ja van.\r\n\r\nK\u00f6zben t\u00e9lies\u00edtett\u00fck a kert\u00fcnket is, el\u00fcltettem kismilli\u00f3 vir\u00e1ghagym\u00e1t, \u00f6sszegerebly\u00e9zt\u00fcnk szint\u00e9n kismilli\u00f3 falevelet, \u00e9s \u00e9n napr\u00f3l napra szerelmesedem bele az \u0151szi kert\u00fcnkbe.\r\n\r\nA h\u00e1z is alakul igaz, nem rohamtemp\u00f3ban, de k\u00e9sz lett v\u00e9gre a tet\u0151, \u00e9s a villanyvezet\u00e9kek is, \u00fagyhogy a k\u00f6vetkez\u0151 nagy falat, a f\u0171t\u00e9s lesz soron.\r\n\r\nJ. pedig m\u00e9g mindig \u00e9s mindig levesz a l\u00e1bamr\u00f3l azzal a kis \u00e9des, nyugodt der\u0171j\u00e9vel, ahogy szeretni tud engem.\r\n\r\nNem nagy szavakkal, nem dr\u00e1ga aj\u00e1nd\u00e9kokkal, nem a k\u00fclvil\u00e1g fel\u00e9, csak \u00fagy, sz\u00edvet lelket bet\u00f6lt\u0151sen.\r\n\r\nSzombaton lazul\u00f3s napot tartottunk, egy\u00fctt boltba men\u00e9ssel, \u00e9s egy hatalmas adag tejsz\u00ednhabos k\u00e1v\u00e9k\u00f6ltem\u00e9nnyel ind\u00edtva, amit a naps\u00fct\u00e9sben sz\u00fcrcs\u00f6lt\u00fcnk a kedvenc hely\u00fcnk kerthelys\u00e9g\u00e9ben.\r\n\r\nK\u00f6zben persze kedvenc t\u00e9m\u00e1nkat nyomtuk, az \u00e1lmodoz\u00e1st a H\u00c1ZUNKR\u00d3L.\r\n\r\n-Festhetem\u00a0 a ny\u00e1ri konyha ajtaj\u00e1t \u00e9s ablak\u00e1t r\u00f3zsasz\u00ednre?\r\n\r\n-Ja\u00e1jj ne m\u00e1r kicsim. -n\u00e9zett r\u00e1m r\u00e9m\u00fclten.\r\n\r\n-Deee J. k\u00e9\u00e9rlek sz\u00e9\u00e9pen, hagy legyen r\u00f3zsasz\u00edn. Mert akkor feh\u00e9rre festen\u00e9m a falakat, \u00e9s r\u00f3zsasz\u00ednre a r\u00e9gi varr\u00f3g\u00e9p \u00e1llv\u00e1ny\u00e1t, \u00e9s akkor tudod sok vir\u00e1gos kieg\u00e9sz\u00edt\u0151vel, meg sok vir\u00e1ggal, meg r\u00f3zsasz\u00edn p\u00f6tty\u00f6s f\u00fcgg\u00f6nnyel, mert ugye meg\u00e9p\u00edted nekem a t\u00e9gl\u00e1b\u00f3l k\u00e9sz\u00fclt mosogat\u00f3t? Az olyan, de olyan sz\u00e9p lenne.\r\n\r\n-De az olyan mint egy babh\u00e1z...\r\n\r\n-De hagy legyen r\u00f3zsasz\u00edn, l\u00e9\u00e9\u00e9gyszi, l\u00e9\u00e9gyszi. Az eg\u00e9sz h\u00e1zban lemondtam a r\u00f3zsasz\u00ednr\u0151l a kedvetek\u00e9rt, ( a f\u00fcrd\u0151 lila lesz :D) hagy legyen a ny\u00e1ri konyh\u00e1m babah\u00e1z, j\u00f3? Olyan igazi csajos, j\u00f3?\r\n\r\nK\u00f6zben n\u00e9zem a szem\u00e9t, az arc\u00e1t, \u00e9s l\u00e1tom rajta, ahogy a sz\u00edv\u00e9ben egy pillanat alatt m\u00e9rlegre teszi, a r\u00f3zsasz\u00edn ny\u00e1ri konyha l\u00e1tv\u00e1ny\u00e1t, \u00e9s az \u00e9n csillog\u00f3 szemeimet, ahogy a r\u00f3zsasz\u00edn konyh\u00e1r\u00f3l \u00e1lmodom. \u00c9s pontosan l\u00e1tom a pillanatot, amikor mosolyogni kezd a szeme, simogat a tekintete\u00a0 \u00e9s tudom, hogy d\u00f6nt\u00f6tt. B. megkapja a r\u00f3zsasz\u00edn konyh\u00e1j\u00e1t. Mert szeret. Mindenn\u00e9l jobban, m\u00e9lyebben, mag\u00e1t\u00f3l \u00e9rtet\u0151d\u0151en. \u00c9s ez a szeretet az, amit\u0151l l\u00e9tezem.\r\n\r\n&nbsp;\r\n\r\n&nbsp;\r\n\r\n&nbsp;\r\n\r\n&nbsp;","type":"rich"}